{"id":605,"date":"2024-01-14T15:50:12","date_gmt":"2024-01-14T15:50:12","guid":{"rendered":"https:\/\/caldeiron.gal\/?page_id=605"},"modified":"2025-06-06T11:18:39","modified_gmt":"2025-06-06T11:18:39","slug":"coleccion-illas-sisargas","status":"publish","type":"page","link":"https:\/\/caldeiron.gal\/?page_id=605","title":{"rendered":"colecci\u00f3n Illas Sisargas"},"content":{"rendered":"\n<p>A Colecci\u00f3n Illas Sisargas recolle os t\u00edtulos premiados no certame de poes\u00eda er\u00f3tica Illas Sisargas que convoca anualmente a Asociaci\u00f3n Caldeir\u00f3n coa colaboraci\u00f3n do Concello de Malpica.<\/p>\n\n\n\n<p><strong>T\u00edtulos publicados<\/strong><\/p>\n\n\n\n<p>XIX Fran Fern\u00e1ndez Davila<a href=\"https:\/\/caldeiron.gal\/?p=650\"> Atravesar o don<\/a><\/p>\n\n\n\n<p>XVIII Clara Vidal <a href=\"https:\/\/caldeiron.gal\/?p=636\">Masaxe con arg\u00e1n mal pronunciada<\/a><\/p>\n\n\n\n<p>XVII Diana Kurick, <a href=\"https:\/\/caldeiron.gal\/?p=580\">Feitas ao sisel<\/a><br>XVII (acc\u00e9sit) Teresa R\u00edos Noya, <a href=\"https:\/\/caldeiron.gal\/?p=575\">Corpo n\u00f3made<\/a><br>XVI Andrea F. Maneiro, <a href=\"https:\/\/caldeiron.gal\/?p=525\">Ed\u00e9nicas<\/a><br>XV Charo Pita, <a href=\"https:\/\/caldeiron.gal\/?p=490\">O cuarto de Jane<\/a><br>XV (acc\u00e9sit) Laura R. Cuba, <a href=\"https:\/\/caldeiron.gal\/?p=484\">rascamasseiras<\/a><br>XIV Medos Romero, <a href=\"https:\/\/caldeiron.gal\/?p=465\">Peixes que esvaraban ao un\u00edsono<\/a><\/p>\n\n\n\n<p>XIII Mario Regueira, <a href=\"https:\/\/caldeiron.gal\/?p=375\">Marco Livorno<\/a><br>XII Andrea Nunes Bri\u00f3ns-Mar\u00eda Rosendo Priego, <a href=\"https:\/\/caldeiron.gal\/?p=314\">Di\u00e1spora do amor balea<\/a><br>XI Xavier Queipo, <a href=\"https:\/\/caldeiron.gal\/?p=274\">Home invisible<\/a><br>X M\u00e1rio Herrero Valerio, <a href=\"https:\/\/caldeiron.gal\/?p=145\">A raz\u00e3o do perverso<\/a><br>IX Ver\u00f3nica Mart\u00ednez Delgado-Albere Mom\u00e1n, <a href=\"https:\/\/caldeiron.gal\/?p=135\">A outra voz<\/a><br>VIII Ram\u00f3n Neto, <a href=\"https:\/\/caldeiron.gal\/?p=110\">Dominio p\u00fablico<\/a><br>VII (acc\u00e9sit) Ver\u00f3nica Mart\u00ednez Delgado, <a href=\"https:\/\/caldeiron.gal\/?p=115\">Ode \u00e0 Madison Ivy e outras cousas de meter<\/a><br>VII Mercedes Leobalde, <a href=\"https:\/\/caldeiron.gal\/?p=100\">Cham\u00e1deme Eva<\/a><br>VI Elvira Ribeiro Tob\u00edo, <a href=\"https:\/\/caldeiron.gal\/?p=92\">Carnia Haikai<\/a><br>V Mar\u00eda Lado, <a href=\"https:\/\/caldeiron.gal\/?p=87\">Amantes<\/a><br>IV Eduardo Est\u00e9vez-Eli R\u00edos, <a href=\"https:\/\/caldeiron.gal\/?p=83\">r\u00faa da cancela<\/a><br>III Emma Pedreira, <a href=\"https:\/\/caldeiron.gal\/?p=75\">Xoguetes p\u00f3stumos<\/a><br>III (acc\u00e9sit) Paco Souto, <a href=\"https:\/\/caldeiron.gal\/?p=79\">e alentar na t\u00faa rosa<\/a><br>II Alberte Mom\u00e1n, <a href=\"https:\/\/caldeiron.gal\/?p=62\">Baile \u00c1ta Cliath<\/a><br>II (acc\u00e9sit) Lino Braxe, <a href=\"https:\/\/caldeiron.gal\/?p=64\">Baixo o sol de Mesina<\/a><br>I Antonio Garc\u00eda Teijeiro, <a href=\"https:\/\/caldeiron.gal\/?p=59\">Arredor do teu corpo<\/a><br><\/p>\n","protected":false},"excerpt":{"rendered":"<p>A Colecci\u00f3n Illas Sisargas recolle os t\u00edtulos premiados no certame de poes\u00eda er\u00f3tica Illas Sisargas que convoca anualmente a Asociaci\u00f3n Caldeir\u00f3n coa colaboraci\u00f3n do Concello de Malpica. T\u00edtulos publicados XIX&hellip;<\/p>\n","protected":false},"author":1,"featured_media":0,"parent":0,"menu_order":0,"comment_status":"closed","ping_status":"closed","template":"","meta":{"footnotes":""},"_links":{"self":[{"href":"https:\/\/caldeiron.gal\/index.php?rest_route=\/wp\/v2\/pages\/605"}],"collection":[{"href":"https:\/\/caldeiron.gal\/index.php?rest_route=\/wp\/v2\/pages"}],"about":[{"href":"https:\/\/caldeiron.gal\/index.php?rest_route=\/wp\/v2\/types\/page"}],"author":[{"embeddable":true,"href":"https:\/\/caldeiron.gal\/index.php?rest_route=\/wp\/v2\/users\/1"}],"replies":[{"embeddable":true,"href":"https:\/\/caldeiron.gal\/index.php?rest_route=%2Fwp%2Fv2%2Fcomments&post=605"}],"version-history":[{"count":4,"href":"https:\/\/caldeiron.gal\/index.php?rest_route=\/wp\/v2\/pages\/605\/revisions"}],"predecessor-version":[{"id":656,"href":"https:\/\/caldeiron.gal\/index.php?rest_route=\/wp\/v2\/pages\/605\/revisions\/656"}],"wp:attachment":[{"href":"https:\/\/caldeiron.gal\/index.php?rest_route=%2Fwp%2Fv2%2Fmedia&parent=605"}],"curies":[{"name":"wp","href":"https:\/\/api.w.org\/{rel}","templated":true}]}}