{"id":437,"date":"2016-05-10T03:48:21","date_gmt":"2016-05-10T03:48:21","guid":{"rendered":"http:\/\/wp452m.a10-52-158-154.qa.plesk.ru\/wordpress\/?page_id=2"},"modified":"2016-05-10T03:48:21","modified_gmt":"2016-05-10T03:48:21","slug":"sample-page-2","status":"publish","type":"page","link":"https:\/\/caldeiron.gal\/?page_id=437","title":{"rendered":"Quen somos"},"content":{"rendered":"<p>xa pasaron moitos anos desde aquel dia, hab\u00eda que facer un exercicio de memoria. naquela invern\u00eda galega perenne, aproveitando como podiamos dunha noite de s\u00e1bado, coa preguiza que ten o amencer, a escasos vintecinco metros da casa do pondal, na taberna a barqui\u00f1a, un amigo, compa\u00f1eiro de xolda, presentoume ao taberneiro<br \/>\nolla, este \u00e9 paco souto, poeta<br \/>\neste \u00e9 paco de tano, escribe contos<br \/>\nno medio daquela conversa, despois de que os clientes marchasen, amodi\u00f1o igual c\u00e1 l\u00faa, d\u00edxenlle: rec\u00edtame un poema e eu c\u00f3ntoche un conto<br \/>\naquela noite de febreiro, sen que nos o soub\u00e9semos, naceu caldeir\u00f3n<br \/>\nnaceu coa intenci\u00f3n de deixar atr\u00e1s a pegada da escuridade longa na costa da morte, naceu para axudar a saciar a sede e a fame de cultura, para abrir os ollos pechos, para sermos libres<br \/>\nnaceu ao abeiro dos feros corvos do batall\u00f3n literario da costa da morte<br \/>\nainda non ti\u00f1amos nome e empezaron os obradoiros de poes\u00eda, lendas, novela, gui\u00f3ns&#8230;<br \/>\nos recitais de poes\u00eda, os contos de medo&#8230;<br \/>\npoes\u00eda, poes\u00eda, sempre poes\u00eda<br \/>\na barqui\u00f1a pechou e o taberneiro abriu local en malpica e seguimos cos recitais, empezamos a promover a cultura popular de noso e fixemos a nosa primeira publicaci\u00f3n: \u201ccadernos da fin do mundo\u201d<br \/>\nos recitais xa eran costume, como as discusi\u00f3ns sobre a cultura nas tertulias d\u2019o cornecho<br \/>\nm\u00fasica, poes\u00eda, algunha exposici\u00f3n de pintura<br \/>\ne paco souto un d\u00eda deulle nome ao movemento: caldeir\u00f3n, produtora de obxectos art\u00edsticos<br \/>\nao mesmo tempo publicamos o primeiro libro e, axi\u00f1a, o segundo<br \/>\ndespois, aqueles recitais de poes\u00eda er\u00f3tica case que nos empurraron a darlle forma a algo m\u00e1is grande: o premio de poes\u00eda erotica illas sisargas<br \/>\nbotounos unha man o concello de malpica<br \/>\na\u00ed xa nos fixemos maiores, acababamos de deixar atr\u00e1s a adolescencia cultural<br \/>\nco libro transfusion oce\u00e1nica abrimos unha nova xanela en caldeiron<br \/>\ne agora mesmo estou completamente seguro de que abriremos m\u00e1is xanelas a ese mar que rompe a sua carraxe nas pedras do caldeir\u00f3n para manter alta a memoria do paco souto, fundador de tantas cousas<br \/>\nse a xente non vai \u00e1 poes\u00eda, a poes\u00eda ter\u00e1 que ir \u00e1 xente<\/p>\n<p style=\"text-align: right;\">Paco de Tano<br \/>\nAsociaci\u00f3n Caldeir\u00f3n<\/p>\n","protected":false},"excerpt":{"rendered":"<p>xa pasaron moitos anos desde aquel dia, hab\u00eda que facer un exercicio de memoria. naquela invern\u00eda galega perenne, aproveitando como podiamos dunha noite de s\u00e1bado, coa preguiza que ten o&hellip;<\/p>\n","protected":false},"author":1,"featured_media":0,"parent":0,"menu_order":0,"comment_status":"closed","ping_status":"open","template":"","meta":{"footnotes":""},"_links":{"self":[{"href":"https:\/\/caldeiron.gal\/index.php?rest_route=\/wp\/v2\/pages\/437"}],"collection":[{"href":"https:\/\/caldeiron.gal\/index.php?rest_route=\/wp\/v2\/pages"}],"about":[{"href":"https:\/\/caldeiron.gal\/index.php?rest_route=\/wp\/v2\/types\/page"}],"author":[{"embeddable":true,"href":"https:\/\/caldeiron.gal\/index.php?rest_route=\/wp\/v2\/users\/1"}],"replies":[{"embeddable":true,"href":"https:\/\/caldeiron.gal\/index.php?rest_route=%2Fwp%2Fv2%2Fcomments&post=437"}],"version-history":[{"count":0,"href":"https:\/\/caldeiron.gal\/index.php?rest_route=\/wp\/v2\/pages\/437\/revisions"}],"wp:attachment":[{"href":"https:\/\/caldeiron.gal\/index.php?rest_route=%2Fwp%2Fv2%2Fmedia&parent=437"}],"curies":[{"name":"wp","href":"https:\/\/api.w.org\/{rel}","templated":true}]}}